{"id":2368,"date":"2022-06-21T13:32:00","date_gmt":"2022-06-21T13:32:00","guid":{"rendered":"https:\/\/innoecotur.webs.upv.es\/?post_type=project&#038;p=2368"},"modified":"2024-03-07T10:32:59","modified_gmt":"2024-03-07T10:32:59","slug":"informe-economia-circular-y-pymes-en-espana-2021","status":"publish","type":"project","link":"https:\/\/innoecotur.webs.upv.es\/en\/project\/informe-economia-circular-y-pymes-en-espana-2021\/","title":{"rendered":"Informe Econom\u00eda Circular y Pymes en Espa\u00f1a (2021)"},"content":{"rendered":"<p>[et_pb_section fb_built=\u00bb1&#8243; admin_label=\u00bbsection\u00bb _builder_version=\u00bb3.22&#8243; global_colors_info=\u00bb{}\u00bb][et_pb_row admin_label=\u00bbrow\u00bb _builder_version=\u00bb3.25&#8243; background_size=\u00bbinitial\u00bb background_position=\u00bbtop_left\u00bb background_repeat=\u00bbrepeat\u00bb global_colors_info=\u00bb{}\u00bb][et_pb_column type=\u00bb4_4&#8243; _builder_version=\u00bb3.25&#8243; custom_padding=\u00bb|||\u00bb global_colors_info=\u00bb{}\u00bb custom_padding__hover=\u00bb|||\u00bb][et_pb_post_title meta=\u00bboff\u00bb _builder_version=\u00bb4.14.6&#8243; _module_preset=\u00bbdefault\u00bb global_colors_info=\u00bb{}\u00bb][\/et_pb_post_title][et_pb_text _builder_version=\u00bb4.14.6&#8243; _module_preset=\u00bbdefault\u00bb global_colors_info=\u00bb{}\u00bb]<\/p>\n<p>M\u00e1s de la mitad de las pymes espa\u00f1olas (54 %) no conoce a\u00fan en qu\u00e9 consiste la econom\u00eda circular, una cifra que var\u00eda seg\u00fan el sector de actividad y que mejora a medida que crece el tama\u00f1o de la empresa. A pesar de ello, las peque\u00f1as y medianas empresas avanzan de forma progresiva en promover este modelo, basado en la reutilizaci\u00f3n, reparaci\u00f3n y reciclaje.\u00a0<\/p>\n<p>En este sentido, cada vez es mayor el n\u00famero de pymes que adopta medidas para reducir la generaci\u00f3n de residuos (94,4 %), venden o ceden sus desechos a otras empresas para que los aprovechen (56% %), separan en origen una parte o todos los residuos que generan, sobre todo papel y pl\u00e1sticos, y recurren a gestores privados para desprenderse de los residuos m\u00e1s contaminantes como la chatarra y el aceite.\u00a0<\/p>\n<p>Son algunas de las conclusiones del informe Econom\u00eda Circular y Pymes en Espa\u00f1a, de la C\u00e1mara de Comercio de Espa\u00f1a y MAPFRE y que pone de manifiesto que las pymes tambi\u00e9n se caracterizan, cada vez en mayor medida, por utilizar materias primas secundarias (recicladas) en sus procesos productivos (60 %), principalmente papel y cart\u00f3n (71,3 %). Adem\u00e1s, adoptan medidas para reducir el consumo de recursos (80 %), fundamentalmente de electricidad y con el objetivo principal de ahorrar.\u00a0<\/p>\n<p>Hay varios procesos con claros m\u00e1rgenes de mejora. Muchas pymes siguen sin tener en cuenta dise\u00f1os ecol\u00f3gicos en sus productos (21,1 %), algo que resulta clave para incrementar la tasa de reciclaje; son muy pocas las que eliminan los pl\u00e1sticos de un solo uso (16,2 %); y la inmensa mayor\u00eda no creen que deban tomar medidas para recuperar y reutilizar el agua (88 %), excepto las del sector industrial.\u00a0<\/p>\n<p>El estudio analiza la situaci\u00f3n de Espa\u00f1a en 2019 en materia de econom\u00eda circular y en el \u00e1mbito de la Uni\u00f3n Europea y explica qu\u00e9 desempe\u00f1o tienen las pymes actualmente en esta materia a trav\u00e9s de una encuesta a 400 empresas.<\/p>\n<p>[\/et_pb_text][et_pb_button button_url=\u00bbhttps:\/\/www.camara.es\/sites\/default\/files\/publicaciones\/informe-economia-circular-pymes-marzo-2021.pdf\u00bb url_new_window=\u00bbon\u00bb button_text=\u00bbDescargar Informe\u00bb button_alignment=\u00bbcenter\u00bb _builder_version=\u00bb4.14.6&#8243; _module_preset=\u00bbdefault\u00bb box_shadow_style=\u00bbpreset1&#8243; global_colors_info=\u00bb{}\u00bb][\/et_pb_button][\/et_pb_column][\/et_pb_row][\/et_pb_section]<\/p>\n","protected":false},"excerpt":{"rendered":"<p>M\u00e1s de la mitad de las pymes espa\u00f1olas (54 %) no conoce a\u00fan en qu\u00e9 consiste la econom\u00eda circular, una cifra que var\u00eda seg\u00fan el sector de actividad y que mejora a medida que crece el tama\u00f1o de la empresa. A pesar de ello, las peque\u00f1as y medianas empresas avanzan de forma progresiva en promover [&hellip;]<\/p>\n","protected":false},"author":5,"featured_media":2374,"comment_status":"closed","ping_status":"closed","template":"","meta":{"_acf_changed":false,"_et_pb_use_builder":"on","_et_pb_old_content":"","_et_gb_content_width":"","footnotes":""},"project_category":[101],"project_tag":[],"class_list":["post-2368","project","type-project","status-publish","has-post-thumbnail","hentry","project_category-informacion-clave"],"acf":[],"yoast_head":"<!-- This site is optimized with the Yoast SEO plugin v25.4 - https:\/\/yoast.com\/wordpress\/plugins\/seo\/ -->\n<title>Informe Econom\u00eda Circular y Pymes en Espa\u00f1a (2021) - Lab Hot-EC<\/title>\n<meta name=\"robots\" content=\"index, follow, max-snippet:-1, max-image-preview:large, max-video-preview:-1\" \/>\n<link rel=\"canonical\" href=\"https:\/\/innoecotur.webs.upv.es\/en\/project\/informe-economia-circular-y-pymes-en-espana-2021\/\" \/>\n<meta property=\"og:locale\" content=\"en_GB\" \/>\n<meta property=\"og:type\" content=\"article\" \/>\n<meta property=\"og:title\" content=\"Informe Econom\u00eda Circular y Pymes en Espa\u00f1a (2021) - Lab Hot-EC\" \/>\n<meta property=\"og:description\" content=\"M\u00e1s de la mitad de las pymes espa\u00f1olas (54 %) no conoce a\u00fan en qu\u00e9 consiste la econom\u00eda circular, una cifra que var\u00eda seg\u00fan el sector de actividad y que mejora a medida que crece el tama\u00f1o de la empresa. A pesar de ello, las peque\u00f1as y medianas empresas avanzan de forma progresiva en promover [&hellip;]\" \/>\n<meta property=\"og:url\" content=\"https:\/\/innoecotur.webs.upv.es\/en\/project\/informe-economia-circular-y-pymes-en-espana-2021\/\" \/>\n<meta property=\"og:site_name\" content=\"Lab Hot-EC\" \/>\n<meta property=\"article:publisher\" content=\"https:\/\/www.facebook.com\/labhotec.project\/\" \/>\n<meta property=\"article:modified_time\" content=\"2024-03-07T10:32:59+00:00\" \/>\n<meta property=\"og:image\" content=\"https:\/\/innoecotur.webs.upv.es\/wp-content\/uploads\/2022\/06\/informe-economia-circular-pymes-marzo-2021.jpg\" \/>\n\t<meta property=\"og:image:width\" content=\"1240\" \/>\n\t<meta property=\"og:image:height\" content=\"696\" \/>\n\t<meta property=\"og:image:type\" content=\"image\/jpeg\" \/>\n<meta name=\"twitter:card\" content=\"summary_large_image\" \/>\n<meta name=\"twitter:site\" content=\"@labhotec\" \/>\n<meta name=\"twitter:label1\" content=\"Estimated reading time\" \/>\n\t<meta name=\"twitter:data1\" content=\"2 minutes\" \/>\n<script type=\"application\/ld+json\" class=\"yoast-schema-graph\">{\"@context\":\"https:\/\/schema.org\",\"@graph\":[{\"@type\":\"WebPage\",\"@id\":\"https:\/\/innoecotur.webs.upv.es\/project\/informe-economia-circular-y-pymes-en-espana-2021\/\",\"url\":\"https:\/\/innoecotur.webs.upv.es\/project\/informe-economia-circular-y-pymes-en-espana-2021\/\",\"name\":\"Informe Econom\u00eda Circular y Pymes en Espa\u00f1a (2021) - Lab Hot-EC\",\"isPartOf\":{\"@id\":\"https:\/\/innoecotur.webs.upv.es\/#website\"},\"primaryImageOfPage\":{\"@id\":\"https:\/\/innoecotur.webs.upv.es\/project\/informe-economia-circular-y-pymes-en-espana-2021\/#primaryimage\"},\"image\":{\"@id\":\"https:\/\/innoecotur.webs.upv.es\/project\/informe-economia-circular-y-pymes-en-espana-2021\/#primaryimage\"},\"thumbnailUrl\":\"https:\/\/innoecotur.webs.upv.es\/wp-content\/uploads\/2022\/06\/informe-economia-circular-pymes-marzo-2021.jpg\",\"datePublished\":\"2022-06-21T13:32:00+00:00\",\"dateModified\":\"2024-03-07T10:32:59+00:00\",\"breadcrumb\":{\"@id\":\"https:\/\/innoecotur.webs.upv.es\/project\/informe-economia-circular-y-pymes-en-espana-2021\/#breadcrumb\"},\"inLanguage\":\"en-GB\",\"potentialAction\":[{\"@type\":\"ReadAction\",\"target\":[\"https:\/\/innoecotur.webs.upv.es\/project\/informe-economia-circular-y-pymes-en-espana-2021\/\"]}]},{\"@type\":\"ImageObject\",\"inLanguage\":\"en-GB\",\"@id\":\"https:\/\/innoecotur.webs.upv.es\/project\/informe-economia-circular-y-pymes-en-espana-2021\/#primaryimage\",\"url\":\"https:\/\/innoecotur.webs.upv.es\/wp-content\/uploads\/2022\/06\/informe-economia-circular-pymes-marzo-2021.jpg\",\"contentUrl\":\"https:\/\/innoecotur.webs.upv.es\/wp-content\/uploads\/2022\/06\/informe-economia-circular-pymes-marzo-2021.jpg\",\"width\":1240,\"height\":696},{\"@type\":\"BreadcrumbList\",\"@id\":\"https:\/\/innoecotur.webs.upv.es\/project\/informe-economia-circular-y-pymes-en-espana-2021\/#breadcrumb\",\"itemListElement\":[{\"@type\":\"ListItem\",\"position\":1,\"name\":\"Portada\",\"item\":\"https:\/\/innoecotur.webs.upv.es\/\"},{\"@type\":\"ListItem\",\"position\":2,\"name\":\"Proyectos\",\"item\":\"https:\/\/innoecotur.webs.upv.es\/project\/\"},{\"@type\":\"ListItem\",\"position\":3,\"name\":\"Informe Econom\u00eda Circular y Pymes en Espa\u00f1a (2021)\"}]},{\"@type\":\"WebSite\",\"@id\":\"https:\/\/innoecotur.webs.upv.es\/#website\",\"url\":\"https:\/\/innoecotur.webs.upv.es\/\",\"name\":\"Lab Hot-EC - Econom\u00eda Circular en el sector tur\u00edstico de la Comunitat Valenciana.\",\"description\":\"Econom\u00eda Circular en el sector tur\u00edstico de la Comunitat Valenciana.\",\"publisher\":{\"@id\":\"https:\/\/innoecotur.webs.upv.es\/#organization\"},\"alternateName\":\"Lab Hot-EC Econom\u00eda Circular\",\"potentialAction\":[{\"@type\":\"SearchAction\",\"target\":{\"@type\":\"EntryPoint\",\"urlTemplate\":\"https:\/\/innoecotur.webs.upv.es\/?s={search_term_string}\"},\"query-input\":{\"@type\":\"PropertyValueSpecification\",\"valueRequired\":true,\"valueName\":\"search_term_string\"}}],\"inLanguage\":\"en-GB\"},{\"@type\":\"Organization\",\"@id\":\"https:\/\/innoecotur.webs.upv.es\/#organization\",\"name\":\"Lab Hot-EC - Econom\u00eda Circular en el sector tur\u00edstico de la Comunitat Valenciana.\",\"alternateName\":\"Lab Hot-EC\",\"url\":\"https:\/\/innoecotur.webs.upv.es\/\",\"logo\":{\"@type\":\"ImageObject\",\"inLanguage\":\"en-GB\",\"@id\":\"https:\/\/innoecotur.webs.upv.es\/#\/schema\/logo\/image\/\",\"url\":\"https:\/\/innoecotur.webs.upv.es\/wp-content\/uploads\/2024\/02\/labhotec-news.png\",\"contentUrl\":\"https:\/\/innoecotur.webs.upv.es\/wp-content\/uploads\/2024\/02\/labhotec-news.png\",\"width\":1200,\"height\":600,\"caption\":\"Lab Hot-EC - Econom\u00eda Circular en el sector tur\u00edstico de la Comunitat Valenciana.\"},\"image\":{\"@id\":\"https:\/\/innoecotur.webs.upv.es\/#\/schema\/logo\/image\/\"},\"sameAs\":[\"https:\/\/www.facebook.com\/labhotec.project\/\",\"https:\/\/x.com\/labhotec\",\"https:\/\/www.instagram.com\/labhotec\/\",\"https:\/\/www.linkedin.com\/in\/labhotec-project\/\"]}]}<\/script>\n<!-- \/ Yoast SEO plugin. -->","yoast_head_json":{"title":"Informe Econom\u00eda Circular y Pymes en Espa\u00f1a (2021) - Lab Hot-EC","robots":{"index":"index","follow":"follow","max-snippet":"max-snippet:-1","max-image-preview":"max-image-preview:large","max-video-preview":"max-video-preview:-1"},"canonical":"https:\/\/innoecotur.webs.upv.es\/en\/project\/informe-economia-circular-y-pymes-en-espana-2021\/","og_locale":"en_GB","og_type":"article","og_title":"Informe Econom\u00eda Circular y Pymes en Espa\u00f1a (2021) - Lab Hot-EC","og_description":"M\u00e1s de la mitad de las pymes espa\u00f1olas (54 %) no conoce a\u00fan en qu\u00e9 consiste la econom\u00eda circular, una cifra que var\u00eda seg\u00fan el sector de actividad y que mejora a medida que crece el tama\u00f1o de la empresa. A pesar de ello, las peque\u00f1as y medianas empresas avanzan de forma progresiva en promover [&hellip;]","og_url":"https:\/\/innoecotur.webs.upv.es\/en\/project\/informe-economia-circular-y-pymes-en-espana-2021\/","og_site_name":"Lab Hot-EC","article_publisher":"https:\/\/www.facebook.com\/labhotec.project\/","article_modified_time":"2024-03-07T10:32:59+00:00","og_image":[{"width":1240,"height":696,"url":"https:\/\/innoecotur.webs.upv.es\/wp-content\/uploads\/2022\/06\/informe-economia-circular-pymes-marzo-2021.jpg","type":"image\/jpeg"}],"twitter_card":"summary_large_image","twitter_site":"@labhotec","twitter_misc":{"Estimated reading time":"2 minutes"},"schema":{"@context":"https:\/\/schema.org","@graph":[{"@type":"WebPage","@id":"https:\/\/innoecotur.webs.upv.es\/project\/informe-economia-circular-y-pymes-en-espana-2021\/","url":"https:\/\/innoecotur.webs.upv.es\/project\/informe-economia-circular-y-pymes-en-espana-2021\/","name":"Informe Econom\u00eda Circular y Pymes en Espa\u00f1a (2021) - Lab Hot-EC","isPartOf":{"@id":"https:\/\/innoecotur.webs.upv.es\/#website"},"primaryImageOfPage":{"@id":"https:\/\/innoecotur.webs.upv.es\/project\/informe-economia-circular-y-pymes-en-espana-2021\/#primaryimage"},"image":{"@id":"https:\/\/innoecotur.webs.upv.es\/project\/informe-economia-circular-y-pymes-en-espana-2021\/#primaryimage"},"thumbnailUrl":"https:\/\/innoecotur.webs.upv.es\/wp-content\/uploads\/2022\/06\/informe-economia-circular-pymes-marzo-2021.jpg","datePublished":"2022-06-21T13:32:00+00:00","dateModified":"2024-03-07T10:32:59+00:00","breadcrumb":{"@id":"https:\/\/innoecotur.webs.upv.es\/project\/informe-economia-circular-y-pymes-en-espana-2021\/#breadcrumb"},"inLanguage":"en-GB","potentialAction":[{"@type":"ReadAction","target":["https:\/\/innoecotur.webs.upv.es\/project\/informe-economia-circular-y-pymes-en-espana-2021\/"]}]},{"@type":"ImageObject","inLanguage":"en-GB","@id":"https:\/\/innoecotur.webs.upv.es\/project\/informe-economia-circular-y-pymes-en-espana-2021\/#primaryimage","url":"https:\/\/innoecotur.webs.upv.es\/wp-content\/uploads\/2022\/06\/informe-economia-circular-pymes-marzo-2021.jpg","contentUrl":"https:\/\/innoecotur.webs.upv.es\/wp-content\/uploads\/2022\/06\/informe-economia-circular-pymes-marzo-2021.jpg","width":1240,"height":696},{"@type":"BreadcrumbList","@id":"https:\/\/innoecotur.webs.upv.es\/project\/informe-economia-circular-y-pymes-en-espana-2021\/#breadcrumb","itemListElement":[{"@type":"ListItem","position":1,"name":"Portada","item":"https:\/\/innoecotur.webs.upv.es\/"},{"@type":"ListItem","position":2,"name":"Proyectos","item":"https:\/\/innoecotur.webs.upv.es\/project\/"},{"@type":"ListItem","position":3,"name":"Informe Econom\u00eda Circular y Pymes en Espa\u00f1a (2021)"}]},{"@type":"WebSite","@id":"https:\/\/innoecotur.webs.upv.es\/#website","url":"https:\/\/innoecotur.webs.upv.es\/","name":"Lab Hot-EC - Econom\u00eda Circular en el sector tur\u00edstico de la Comunitat Valenciana.","description":"Econom\u00eda Circular en el sector tur\u00edstico de la Comunitat Valenciana.","publisher":{"@id":"https:\/\/innoecotur.webs.upv.es\/#organization"},"alternateName":"Lab Hot-EC Econom\u00eda Circular","potentialAction":[{"@type":"SearchAction","target":{"@type":"EntryPoint","urlTemplate":"https:\/\/innoecotur.webs.upv.es\/?s={search_term_string}"},"query-input":{"@type":"PropertyValueSpecification","valueRequired":true,"valueName":"search_term_string"}}],"inLanguage":"en-GB"},{"@type":"Organization","@id":"https:\/\/innoecotur.webs.upv.es\/#organization","name":"Lab Hot-EC - Econom\u00eda Circular en el sector tur\u00edstico de la Comunitat Valenciana.","alternateName":"Lab Hot-EC","url":"https:\/\/innoecotur.webs.upv.es\/","logo":{"@type":"ImageObject","inLanguage":"en-GB","@id":"https:\/\/innoecotur.webs.upv.es\/#\/schema\/logo\/image\/","url":"https:\/\/innoecotur.webs.upv.es\/wp-content\/uploads\/2024\/02\/labhotec-news.png","contentUrl":"https:\/\/innoecotur.webs.upv.es\/wp-content\/uploads\/2024\/02\/labhotec-news.png","width":1200,"height":600,"caption":"Lab Hot-EC - Econom\u00eda Circular en el sector tur\u00edstico de la Comunitat Valenciana."},"image":{"@id":"https:\/\/innoecotur.webs.upv.es\/#\/schema\/logo\/image\/"},"sameAs":["https:\/\/www.facebook.com\/labhotec.project\/","https:\/\/x.com\/labhotec","https:\/\/www.instagram.com\/labhotec\/","https:\/\/www.linkedin.com\/in\/labhotec-project\/"]}]}},"_links":{"self":[{"href":"https:\/\/innoecotur.webs.upv.es\/en\/wp-json\/wp\/v2\/project\/2368","targetHints":{"allow":["GET"]}}],"collection":[{"href":"https:\/\/innoecotur.webs.upv.es\/en\/wp-json\/wp\/v2\/project"}],"about":[{"href":"https:\/\/innoecotur.webs.upv.es\/en\/wp-json\/wp\/v2\/types\/project"}],"author":[{"embeddable":true,"href":"https:\/\/innoecotur.webs.upv.es\/en\/wp-json\/wp\/v2\/users\/5"}],"replies":[{"embeddable":true,"href":"https:\/\/innoecotur.webs.upv.es\/en\/wp-json\/wp\/v2\/comments?post=2368"}],"version-history":[{"count":0,"href":"https:\/\/innoecotur.webs.upv.es\/en\/wp-json\/wp\/v2\/project\/2368\/revisions"}],"wp:featuredmedia":[{"embeddable":true,"href":"https:\/\/innoecotur.webs.upv.es\/en\/wp-json\/wp\/v2\/media\/2374"}],"wp:attachment":[{"href":"https:\/\/innoecotur.webs.upv.es\/en\/wp-json\/wp\/v2\/media?parent=2368"}],"wp:term":[{"taxonomy":"project_category","embeddable":true,"href":"https:\/\/innoecotur.webs.upv.es\/en\/wp-json\/wp\/v2\/project_category?post=2368"},{"taxonomy":"project_tag","embeddable":true,"href":"https:\/\/innoecotur.webs.upv.es\/en\/wp-json\/wp\/v2\/project_tag?post=2368"}],"curies":[{"name":"wp","href":"https:\/\/api.w.org\/{rel}","templated":true}]}}